{"id":474,"date":"2018-03-30T17:06:02","date_gmt":"2018-03-30T17:06:02","guid":{"rendered":"https:\/\/www.sind-luzyfuerza-cap.org.ar\/slyf\/?page_id=474"},"modified":"2026-04-20T21:36:14","modified_gmt":"2026-04-20T21:36:14","slug":"prevision-social","status":"publish","type":"page","link":"https:\/\/www.sind-luzyfuerza-cap.org.ar\/slyf\/secretarias\/prevision-social\/","title":{"rendered":"Previsi\u00f3n Social"},"content":{"rendered":"<p>[vc_row css_animation=&#8221;&#8221; row_type=&#8221;row&#8221; use_row_as_full_screen_section=&#8221;no&#8221; type=&#8221;full_width&#8221; angled_section=&#8221;no&#8221; text_align=&#8221;left&#8221; background_image_as_pattern=&#8221;without_pattern&#8221;][vc_column][vc_empty_space height=&#8221;60&#8243;][\/vc_column][\/vc_row][vc_row css_animation=&#8221;&#8221; row_type=&#8221;row&#8221; use_row_as_full_screen_section=&#8221;no&#8221; type=&#8221;grid&#8221; angled_section=&#8221;no&#8221; text_align=&#8221;left&#8221; background_image_as_pattern=&#8221;without_pattern&#8221; z_index=&#8221;&#8221;][vc_column width=&#8221;2\/3&#8243;][vc_column_text]<\/p>\n<h6>Previsi\u00f3n Social<\/h6>\n<p>[\/vc_column_text][vc_row_inner row_type=&#8221;row&#8221; type=&#8221;full_width&#8221; text_align=&#8221;left&#8221; css_animation=&#8221;&#8221;][vc_column_inner width=&#8221;2\/3&#8243;][vc_empty_space height=&#8221;20px&#8221;][vc_single_image image=&#8221;4024&#8243; img_size=&#8221;full&#8221; onclick=&#8221;img_link_large&#8221; qode_css_animation=&#8221;&#8221;][\/vc_column_inner][vc_column_inner width=&#8221;1\/3&#8243;][vc_column_text]<\/p>\n<h4 style=\"text-align: left;\"><span style=\"color: #333399;\">Novedades<\/span><\/h4>\n<p>[\/vc_column_text]<div class='image_hover ' style='' data-transition-delay=''><div class='images_holder'><a itemprop='url' href='https:\/\/www.sind-luzyfuerza-cap.org.ar\/slyf\/secretarias\/prevision-social\/novedades\/' target='_self'><img itemprop='image' class='active_image ' src='https:\/\/www.sind-luzyfuerza-cap.org.ar\/slyf\/wp-content\/uploads\/2018\/10\/ansesNovedades.jpg' alt='' style='' \/><img itemprop='image' class='hover_image' src='https:\/\/www.sind-luzyfuerza-cap.org.ar\/slyf\/wp-content\/uploads\/2018\/10\/ansesNovedades2.jpg' alt='' style='' \/><\/a><\/div><\/div>[\/vc_column_inner][\/vc_row_inner][vc_empty_space height=&#8221;31px&#8221;][vc_row_inner row_type=&#8221;row&#8221; type=&#8221;full_width&#8221; text_align=&#8221;left&#8221; css_animation=&#8221;&#8221;][vc_column_inner width=&#8221;2\/3&#8243;][\/vc_column_inner][vc_column_inner width=&#8221;1\/3&#8243;][\/vc_column_inner][\/vc_row_inner][vc_separator type=&#8221;normal&#8221;][vc_empty_space height=&#8221;21px&#8221;][vc_column_text]<\/p>\n<h2>Gu\u00eda de tr\u00e1mites<\/h2>\n<p>[\/vc_column_text][vc_empty_space height=&#8221;21px&#8221;][vc_column_text]<\/p>\n<h4>\u00c1rea Gestor\u00eda<\/h4>\n<h3><span style=\"color: #003366;\">\u00bfC\u00f3mo me jubilo?<\/span><\/h3>\n<p>[\/vc_column_text][vc_accordion active_tab=&#8221;false&#8221; collapsible=&#8221;yes&#8221; style=&#8221;accordion&#8221;][vc_accordion_tab title=&#8221;Jubilaci\u00f3n Ordinaria&#8221; title_color=&#8221;#1e73be&#8221;][vc_column_text]El afiliado deber\u00e1 llamar a la Gestor\u00eda Previsional para\u00a0pedir turno para iniciar el tr\u00e1mite<br \/>\na los n\u00fameros:<\/p>\n<p>4331-0531 al 37 Interno 1606.<\/p>\n<p>Este tr\u00e1mite lo pueden realizar todas las trabajadoras y trabajadores afiliados en actividad, que re\u00fanan las condiciones necesarias para acceder al beneficio de jubilaci\u00f3n.<\/p>\n<p>Para ello deben contar con los\u00a0<a href=\"http:\/\/extremoslegales\">extremos legales*<\/a> que requiere la Ley 24.241 y presentar la siguiente documentaci\u00f3n:<\/p>\n<p>&nbsp;<\/p>\n<p><a  itemprop=\"url\" href=\"jubilacionordinariadocumentacion\" target=\"_self\"  class=\"qbutton  default\" style=\"\">VER DOCUMENTACI\u00d3N<\/a>[\/vc_column_text][\/vc_accordion_tab][vc_accordion_tab title=&#8221;C\u00f3mputo ilustrativo (c\u00e1lculo de edad de jubilaci\u00f3n)&#8221; title_color=&#8221;#1e73be&#8221;][vc_column_text]<strong><em>El afiliado deber\u00e1 llamar a\u00a0<\/em><\/strong><strong><em>la Gestor\u00eda Previsional<\/em><\/strong><strong><em>\u00a0para pedir turno para iniciar el tr\u00e1mite a los n\u00fameros:<br \/>\n4331-0531 al 37 Interno 1606.<\/em><\/strong><\/p>\n<p>Cuando el afiliado necesita saber a que edad se debiera jubilar, porque tiene tareas comunes y tareas preferenciales, es necesario que se apersone a nuestra secretar\u00eda con las certificaciones de servicios anteriores a la empresa que en la actualidad est\u00e1 trabajando.<\/p>\n<p>Ejemplo: Si trabaja en EDENOR SA, deber\u00e1 sacar turno y traer la certificaci\u00f3n de servicios de<br \/>\nSEGBA SA y otras que pudiera tener anteriores a SEGBA SA.<\/p>\n<p>DOCUMENTACI\u00d3N REQUERIDA:<\/p>\n<ul class=\"texto-cuerpo\">\n<li>3 Fotocopias del DNI del titular.<\/li>\n<li>1 Fotocopia del CUIL.<strong>ORIGINALES<\/strong><br \/>\nTodas las certificaciones de servicios de todas las empresas donde haya trabajado el afiliado.<\/li>\n<\/ul>\n<p>[\/vc_column_text][\/vc_accordion_tab][vc_accordion_tab title=&#8221;Reconocimiento de servicios&#8221; title_color=&#8221;#1e73be&#8221;][vc_column_text]<strong><em>El afiliado deber\u00e1 llamar a la Gestor\u00eda Previsional para pedir turno para iniciar el tr\u00e1mite a los n\u00fameros: 4331-0531 al 37 Interno 1606.<\/em><\/strong><\/p>\n<p>Un reconocimiento de servicios es una forma de acreditar ante ANSeS los servicios con aportes desempe\u00f1ados y declarados que realiz\u00f3 el trabajador. Para ello se presentar\u00e1 la documentaci\u00f3n correspondiente. El reconocimiento de los servicios prestados agiliza la acreditaci\u00f3n de su historia laboral.<\/p>\n<p>El afiliado puede pedir en cualquier momento la realizaci\u00f3n de un reconocimiento de servicios prestados tanto, en relaci\u00f3n de dependencia como de manera aut\u00f3noma (cuenta propia).<\/p>\n<p>Mediante dicha gesti\u00f3n, el trabajador obtendr\u00e1 una resoluci\u00f3n con los a\u00f1os probados por ANSeS.<\/p>\n<p>&nbsp;<\/p>\n<p>DOCUMENTACION REQUERIDA<\/p>\n<p>&nbsp;<\/p>\n<ul>\n<li><span style=\"text-align: -webkit-center;\">3 Fotocopias del DNI del titular.<\/span><\/li>\n<li>Certificaciones de todas las empresas donde trabaj\u00f3 y quiere que sean reconocidas.<\/li>\n<li>En el caso de los trabajadores de empresas contratistas deber\u00e1n traer las libretas de trabajo de la construcci\u00f3n y el certificado de OSPECOM. Para ello deber\u00e1n concurrir a la UOCRA y solicitar el mencionado certificado en Av. Belgrano 1870, Capital Federal.Tambi\u00e9n deber\u00e1n concurrir a la IERIC (Instituto de Estad\u00edstica y Registro de la Industria de la Construcci\u00f3n) en Av. Paseo Col\u00f3n 823 en el horario de 8:30 a 16:00 hs.<\/li>\n<li>En el caso de los trabajadores de empresas contratistas deber\u00e1n traer las libretas de trabajo de la construcci\u00f3n y el certificado de OSPECOM. Para ello deber\u00e1n concurrir a la UOCRA y solicitar el mencionado certificado en Av. Belgrano 1870, Capital Federal.Tambi\u00e9n deber\u00e1n concurrir a la IERIC (Instituto de Estad\u00edstica y Registro de la Industria de la Construcci\u00f3n) en Av. Paseo Col\u00f3n 823 en el horario de 8:30 a 16:00 hs.<\/li>\n<\/ul>\n<p>[\/vc_column_text][\/vc_accordion_tab][vc_accordion_tab title=&#8221;Informes de activos&#8221; title_color=&#8221;#1e73be&#8221;][vc_column_text]<strong><em>El afiliado deber\u00e1 llamar a\u00a0<\/em><\/strong><strong><em>la Gestor\u00eda Previsional<\/em><\/strong><strong><em>\u00a0para pedir turno para iniciar el tr\u00e1mite a los n\u00fameros: 4331-0531 al 37 Interno 1.606.<\/em><\/strong><\/p>\n<p>En caso que el afiliado no cuente con las certificaciones de servicios de algunas de las empresas en las cuales trabaj\u00f3, se podr\u00e1 presentar en esta gestor\u00eda para realizar un informe de activos. El mismo consta en una nota para llevar a cabo la verificaci\u00f3n por los per\u00edodos declarados por el trabajador en los archivos m\u00e1s antiguos pertenecientes a la Administraci\u00f3n Nacional de la Seguridad Social (ANSeS).[\/vc_column_text][\/vc_accordion_tab][vc_accordion_tab title=&#8221;Pensi\u00f3n derivada (pensi\u00f3n de jubilado)&#8221; title_color=&#8221;#1e73be&#8221;][vc_column_text]<strong><em>El afiliado\/a deber\u00e1 llamar a la Gestor\u00eda Previsional para pedir turno para iniciar el tr\u00e1mite a los n\u00fameros: 4331-0531 al 37 Interno 1.606.<\/em><\/strong><br \/>\nEsta prestaci\u00f3n se otorga en caso de fallecimiento de un jubilado a los siguientes derechohabientes:<\/p>\n<p>a) La viuda<br \/>\nb) El viudo<br \/>\nc) La conviviente<br \/>\nd) El conviviente<br \/>\ne) Los hijos solteros, las hijas solteras y las hijas viudas, siempre que no gozaran de jubilaci\u00f3n, pensi\u00f3n retiro o prestaci\u00f3n no contributiva, salvo que optaren por la pensi\u00f3n que acuerda la Ley 24.241, todos ellos hasta los dieciocho (18) de edad.<\/p>\n<p>La limitaci\u00f3n a la edad establecida en el punto e) no rige si los derechohabientes se encontraban discapacitados para el trabajo a la fecha de fallecimiento del jubilado o discapacitado a los 18 a\u00f1os de edad.<\/p>\n<p>En los supuestos de los incisos c) y d) se requerir\u00e1 que el o la causante (fallecido) se hallase separado de hecho o legalmente, o haya sido soltero, viudo o divorciado y hubiera convivido p\u00fablicamente en aparente matrimonio durante por lo menos cinco (5) a\u00f1os inmediatamente anteriores al fallecimiento. El plazo de convivencia se reducir\u00e1 a dos (2) a\u00f1os cuando exista descendencia reconocida por ambos convivientes.<\/p>\n<p><a  itemprop=\"url\" href=\"pensionderivada\" target=\"_self\"  class=\"qbutton  default\" style=\"\">VER DOCUMENTACI\u00d3N<\/a>[\/vc_column_text][\/vc_accordion_tab][vc_accordion_tab title=&#8221;Pensi\u00f3n directa (pensi\u00f3n de trabajador en actividad)&#8221; title_color=&#8221;#1e73be&#8221;][vc_column_text]<strong><em>El afiliado deber\u00e1 llamar a la Gestor\u00eda Previsional para pedir turno para iniciar el tr\u00e1mite a los n\u00fameros:<br \/>\n4331-0531 al 37 Interno 1.606.<\/em><\/strong><br \/>\nPara estos casos tendr\u00e1n derecho a la pensi\u00f3n, los mismos derecho habientes que en el caso de Pensi\u00f3n de Jubilados.<\/p>\n<p><a  itemprop=\"url\" href=\"pensiondirecta\" target=\"_self\"  class=\"qbutton  default\" style=\"\">VER DOCUMENTACI\u00d3N<\/a>[\/vc_column_text][\/vc_accordion_tab][vc_accordion_tab title=&#8221;Pensiones de hijos\/as discapacitados\/as&#8221; title_color=&#8221;#1e73be&#8221;][vc_column_text]<strong><em>El afiliado deber\u00e1 llamar a\u00a0<\/em><\/strong><strong><em>la Gestor\u00eda Previsional para pedir turno para iniciar el tr\u00e1mite a los n\u00fameros: 4331-0531 al 37 Interno 1606.<\/em><\/strong><\/p>\n<p>Lo primero que tenemos que saber es si la discapacidad es motora o mental.<br \/>\nEn caso de ser una discapacidad mental el hijo\/a discapacitado\/a, tiene que tener una persona que obre por \u00e9l, un curador. Si el discapacitado\/a no cuenta con un curador, tendr\u00e1 que tramitar la curatela mediante un abogado.<\/p>\n<p>En los casos que tengan la curatela en tr\u00e1mite, podr\u00e1 iniciar el tr\u00e1mite pero, ANSeS no liquidar\u00e1 el beneficio, es decir, ni pondr\u00e1 al pago los haberes hasta tanto la curatela no resulte definitiva.<br \/>\nEn los casos que tengan la curatela definitiva, se proceder\u00e1 a iniciar la pensi\u00f3n, y luego ANSeS liquidar\u00e1 la misma.<\/p>\n<p>Tiene que acercarse al sindicato el\/la curador\/a, (si el\/la titular posee una discapacidad motora, deber\u00e1 presentarse el titular) con la documentaci\u00f3n que se indica a continuaci\u00f3n:<\/p>\n<p>DOCUMENTACI\u00d3N REQUERIDA:<\/p>\n<ul>\n<li class=\"texto-cuerpo\">DNI del titular (persona que pide el beneficio), hijo\/a discapacitado\/a.<\/li>\n<li class=\"texto-cuerpo\">Partida de nacimiento del titular.<\/li>\n<li class=\"texto-cuerpo\">Certificado de discapacidad del titular.\u00a0<strong><em>Certificados de discapacidad<\/em><\/strong>: En los casos que no posean este certificado, deber\u00e1n tramitarlo si el domicilio del discapacitado es de Provincia de Buenos Aires, en Ramsay 2250, Capital Federal, solicitando turno al: 0800-555-3472. En los casos que el domicilio del discapacitado sea de Capital Federal, deber\u00e1 tramitarlo en el Hospital P\u00fablico correspondiente seg\u00fan la discapacidad.<\/li>\n<li class=\"texto-cuerpo\">Partida de defunci\u00f3n del fallecido (Padre\/Madre).<\/li>\n<li class=\"texto-cuerpo\">Partida de matrimonio de los padres actualizada.<\/li>\n<li class=\"texto-cuerpo\">Recibo de Haberes del causante.<\/li>\n<li class=\"texto-cuerpo\">DNI del Curador\/a de corresponder.<\/li>\n<li class=\"texto-cuerpo\">Constancia de curatela definitiva de corresponder.<\/li>\n<li class=\"texto-cuerpo\">Declaraci\u00f3n jurada de dependencia econ\u00f3mica, 1 del titular y 2 de los testigos. (Estos formularios ser\u00e1n entregados en esta gestor\u00eda, previo a iniciar la pensi\u00f3n).<\/li>\n<li class=\"texto-cuerpo\">DNI de testigos.<\/li>\n<\/ul>\n<p>[\/vc_column_text][\/vc_accordion_tab][vc_accordion_tab title=&#8221;Inclusiones en beneficios ya otorgados &#8211; Hijos discapacitados&#8221; title_color=&#8221;#1e73be&#8221;][vc_column_text]<strong><em>El afiliado deber\u00e1 llamar a la Gestor\u00eda Previsional para pedir turno para iniciar el tr\u00e1mite a los n\u00fameros: 4331-0531 al 37 Interno 1.606.<\/em><\/strong><\/p>\n<p>Estas pensiones llamadas \u201cinclusi\u00f3n\u201d es cuando ya hay otorgado un beneficio de pensi\u00f3n con anterioridad y se debe incluir a un hijo\/a con discapacidad.<\/p>\n<p>DOCUMENTACI\u00d3N REQUERIDA:<\/p>\n<ul>\n<li class=\"texto-cuerpo\">DNI del titular (persona que pide el beneficio), hijo\/a discapacitado\/a.<\/li>\n<li class=\"texto-cuerpo\">Partida de nacimiento del titular.<\/li>\n<li class=\"texto-cuerpo\">Certificado de discapacidad del titular.\u00a0<strong><em>Certificados de discapacidad<\/em><\/strong>: En los casos que no posean este certificado, deber\u00e1n tramitarlo si el domicilio del discapacitado es de Provincia<br \/>\nde Buenos Aires, en Ramsay 2250, Capital Federal, solicitando turno al: 0800-555-3472.<br \/>\nEn los casos que el domicilio d el discapacitado sea de Capital Federal, deber\u00e1 tramitarlo<br \/>\nen el Hospital P\u00fablico correspondiente seg\u00fan la discapacidad.<\/li>\n<li class=\"texto-cuerpo\">Partida de defunci\u00f3n del fallecido (Padre\/Madre).<\/li>\n<li class=\"texto-cuerpo\">Partida de matrimonio de los padres actualizada.<\/li>\n<li class=\"texto-cuerpo\">Recibo de Haberes del causante.<\/li>\n<li class=\"texto-cuerpo\">DNI del Curador\/a de corresponder.<\/li>\n<li class=\"texto-cuerpo\">Constancia de curatela definitiva de corresponder.<\/li>\n<li class=\"texto-cuerpo\">Declaraci\u00f3n jurada de dependencia econ\u00f3mica, 1 del titular y 2 de los testigos. (Estos formularios ser\u00e1n entregados en esta gestor\u00eda, previo a iniciar la pensi\u00f3n).<\/li>\n<\/ul>\n<p>[\/vc_column_text][\/vc_accordion_tab][vc_accordion_tab title=&#8221;Tramitaciones de poder para percibir&#8221; title_color=&#8221;#1e73be&#8221;][vc_column_text]<strong>PODERES:<\/strong><\/p>\n<p><strong><em>El afiliado deber\u00e1 llamar a la Gestor\u00eda Previsional para pedir turno para iniciar el tr\u00e1mite a los n\u00fameros: 4331-0531 al 37 Interno 1.606.<\/em><\/strong><br \/>\nEl beneficiario de una jubilaci\u00f3n o pensi\u00f3n puede otorgar un poder para percibir los haberes a una persona f\u00edsica. El afiliado que quiera tramitar un poder deber\u00e1 presentarse con la persona a quien le otorgar\u00e1 ese poder.<\/p>\n<p><strong>DOCUMENTACI\u00d3N REQUERIDA:<\/strong><\/p>\n<p class=\"texto-cuerpo\"><strong>En caso de que esa persona sea esposa\/o deber\u00e1 presentar<\/strong>:<\/p>\n<ul>\n<li class=\"texto-cuerpo\">DNI del titular.<\/li>\n<li class=\"texto-cuerpo\">DNI de la esposa\/o.<\/li>\n<li class=\"texto-cuerpo\">Partida de matrimonio (NO LA LIBRETA DE MATRIMONIO).<\/li>\n<\/ul>\n<p class=\"texto-cuerpo\"><strong>En Caso de que esa persona sea hija\/o deber\u00e1 presentar:<\/strong><\/p>\n<ul>\n<li class=\"texto-cuerpo\">DNI del titular.<\/li>\n<li class=\"texto-cuerpo\">DNI del hijo\/a.<\/li>\n<li class=\"texto-cuerpo\">Partida de nacimiento del hijo\/a.<\/li>\n<\/ul>\n<p class=\"texto-cuerpo\"><strong>En caso de que el apoderado no sea una de las personas antes mencionadas<br \/>\nsolo deber\u00e1 presentar:<\/strong><\/p>\n<ul>\n<li class=\"texto-cuerpo\">DNI titular.<\/li>\n<li class=\"texto-cuerpo\">DNI apoderado\/a.<\/li>\n<\/ul>\n<p><span class=\"texto-cuerpo\"><em>En caso de querer poner como apoderado\/a a su conviviente deber\u00e1 dirigirse ante<\/em>\u00a0<em>ANSeS<br \/>\n<\/em><\/span>[\/vc_column_text][\/vc_accordion_tab][vc_accordion_tab title=&#8221;Cambio de banco, cambio de domicilio&#8221; title_color=&#8221;#1e73be&#8221;][vc_column_text]<strong>El afiliado deber\u00e1 llamar a la Gestor\u00eda Previsional para pedir turno para iniciar el tr\u00e1mite a los n\u00fameros: 4331-0531 al 37 Interno 1606.<\/strong><br \/>\nEl afiliado deber\u00e1 presentarse en el Sindicato Luz y fuerza con la siguiente documentaci\u00f3n:<\/p>\n<ul>\n<li class=\"texto-cuerpo\">DNI del titular<\/li>\n<li class=\"texto-cuerpo\">Recibo de haberes<\/li>\n<\/ul>\n<p>[\/vc_column_text][\/vc_accordion_tab][vc_accordion_tab title=&#8221;Cambio de tipo de documento&#8221; title_color=&#8221;#1e73be&#8221;][vc_column_text]<strong><em>El afiliado deber\u00e1 llamar a la Gestor\u00eda Previsional para pedir turno para iniciar el tr\u00e1mite<br \/>\na los n\u00fameros: 4331-0531 al 37 Interno 1606.<\/em><\/strong><\/p>\n<p>Para realizar dicho tr\u00e1mite se deber\u00e1 proceder a confeccionar nuevamente un poder.<br \/>\nPara ello el afiliado deber\u00e1 presentarse nuevamente con aquella persona que nombr\u00f3<br \/>\ncomo apoderado y traer la siguiente documentaci\u00f3n:<\/p>\n<ul class=\"texto-cuerpo\">\n<li>DNI del titular.<\/li>\n<li>DNI del apoderado\/a. En caso de ser el apoderado\/a, esposa\/o, traer PARTIDA DE MATRIMONIO. Si el apoderado\/a es un hijo\/a, deber\u00e1n presentar la PARTIDA DE NACIMIENTO.<\/li>\n<\/ul>\n<p>[\/vc_column_text][\/vc_accordion_tab][vc_accordion_tab title=&#8221;Reclamo de haberes impagos&#8221; title_color=&#8221;#1e73be&#8221;][vc_column_text]<strong><em>El afiliado deber\u00e1 llamar a\u00a0<\/em><\/strong><strong><em>la Gestor\u00eda Previsional<\/em><\/strong><strong><em>\u00a0para pedir turno para iniciar el tr\u00e1mite<br \/>\na los n\u00fameros: 4331-0531 al 37 Interno 1606.<\/em><\/strong><\/p>\n<p>El afiliado tendr\u00e1 que presentarse en esta Gestor\u00eda con su DNI y el recibo de Jubilaci\u00f3n o Pensi\u00f3n<br \/>\ny certificado de supervivencia. Nos encargaremos de verificar qu\u00e9 meses el afiliado no cobr\u00f3 su beneficio y se reclamar\u00e1n dichos per\u00edodos.<\/p>\n<p>Se confeccionar\u00e1 el\/los formulario\/s correspondiente\/s, luego el afiliado deber\u00e1 presentarlos<br \/>\nen el Banco en el cual cobra dicho beneficio y nuevamente tendr\u00e1 que presentarlos en nuestra Gestor\u00eda previsional.[\/vc_column_text][\/vc_accordion_tab][vc_accordion_tab title=&#8221;Reclamo de asignaciones familiares&#8221; title_color=&#8221;#1e73be&#8221;][vc_column_text]<strong><em>El afiliado deber\u00e1 llamar a\u00a0<\/em><\/strong><strong><em>la Gestor\u00eda Previsional<\/em><\/strong><strong><em>\u00a0para pedir turno para iniciar el tr\u00e1mite a los n\u00fameros: 4331-0531 al 37 Interno 1606.<\/em><\/strong><\/p>\n<p>Al inicio del tr\u00e1mite de Jubilaci\u00f3n se declarar\u00e1 a la esposa en el formulario de la solicitud de jubilaci\u00f3n. Tener en cuenta que cobrar\u00e1n dicha asignaci\u00f3n aquellos afiliados que no superen los montos vigentes establecidos por ANSeS.<\/p>\n<p>En caso que no se haya hecho el tr\u00e1mite al momento del inicio de la Jubilaci\u00f3n Ordinaria se presentar\u00e1 el formulario PS. 2.14 \u201cDeclaraci\u00f3n Jurada Novedades de Cargas de Familia para Beneficiarios del Sistema Integrado de Jubilaciones y Pensiones\u201d.<\/p>\n<p>DOCUMENTACI\u00d3N REQUERIDA:<\/p>\n<ul>\n<li>DNI del titular.<\/li>\n<li>DNI de la esposa\/o.<\/li>\n<li>Partida de matrimonio actualizada.<\/li>\n<li>Recibo de haberes.<\/li>\n<\/ul>\n<blockquote><p>Aquellas asignaciones familiares que se deban tramitar por hijos\/as discapacitados\/as, las realizar\u00e1 el afiliado directamente en ANSeS m\u00e1s cercano a su zona de residencia.<\/p><\/blockquote>\n<p>[\/vc_column_text][\/vc_accordion_tab][vc_accordion_tab title=&#8221;D\u00f3nde obtengo la documentaci\u00f3n para los distintos tr\u00e1mites&#8221; title_color=&#8221;#1e73be&#8221;][vc_column_text]<strong>DEPENDENCIAS PARA SOLICITAR DOCUMENTACI\u00d3N:<\/strong><\/p>\n<p><strong><em>Certificaciones de servicios<\/em><\/strong>:<br \/>\nSe pedir\u00e1n en las empresas donde el trabajador haya prestado sus servicios.<\/p>\n<p>&nbsp;<\/p>\n<p><strong><em>Partida de defunci\u00f3n<\/em><\/strong>:<br \/>\nEn el caso de Segba Residual el afiliado deber\u00e1 presentarse en\u00a0<strong>Alsina 470 2\u00ba<\/strong>.<\/p>\n<p class=\"texto-cuerpo\">Se la otorgar\u00e1n a las\/los afiliadas\/os en la cocher\u00eda donde hayan realizado el servicio de sepelio.<\/p>\n<p>&nbsp;<\/p>\n<p><strong><em>Partida de matrimonio<\/em><\/strong>:<br \/>\nLa tendr\u00e1n que solicitar en el\u00a0<strong>Registro civil\u00a0<\/strong>donde se asent\u00f3 el matrimonio entre la persona fallecida y la persona solicitante.<\/p>\n<p>&nbsp;<\/p>\n<p><strong><em>Partida de nacimiento para extranjeros<\/em><\/strong>:<br \/>\nDeber\u00e1n solicitarlas ante los consulados del pa\u00eds de nacimiento con el tratado de La Haya. Una vez obtenida la partida deber\u00e1n hacer la traducci\u00f3n mediante un traductor p\u00fablico matriculado, luego deber\u00e1n certificar la firma del traductor ante el colegio de traductores, sito en\u00a0<strong>Av. Corrientes 1834, Capital Federal.<\/strong><\/p>\n<p>&nbsp;<\/p>\n<p><em><strong>P<\/strong><\/em><strong><em>artida de nacimiento para argentinos<\/em><\/strong>:<br \/>\nDeber\u00e1n solicitarla en el\u00a0<strong>Registro Civil\u00a0<\/strong>donde han nacido.<\/p>\n<p>&nbsp;<\/p>\n<p><strong><em>Certificados de discapacidad<\/em><\/strong>:<br \/>\nEn los casos que no posean este certificado, deber\u00e1n tramitarlo si el domicilio del discapacitado es de Provincia de Buenos Aires, en\u00a0<strong><br \/>\nRamsay 2250, Capital Federal,<\/strong>\u00a0solicitando turno al:\u00a0<strong>0800-555-3472<\/strong>.<\/p>\n<p>&nbsp;<\/p>\n<p>En los casos que el domicilio d el discapacitado sea de Capital Federal, deber\u00e1 tramitarlo en el Hospital P\u00fablico correspondiente seg\u00fan la discapacidad.[\/vc_column_text][\/vc_accordion_tab][\/vc_accordion][vc_empty_space][vc_column_text]<\/p>\n<h4>\u00c1rea Reclamaciones<\/h4>\n<h3><\/h3>\n<p>[\/vc_column_text][vc_accordion active_tab=&#8221;false&#8221; collapsible=&#8221;yes&#8221; style=&#8221;accordion&#8221;][vc_accordion_tab title=&#8221;PENSIONES TR\u00c1MITE WEB, PENSIONES REALIZADAS ANTE ANSES&#8221; title_color=&#8221;#1e73be&#8221;][vc_column_text]<\/p>\n<p class=\"texto-cuerpo\">Si usted realizo el tr\u00e1mite de pensi\u00f3n por una UDAI de ANSES de zona debe tener en cuenta<br \/>\nque es probable que ANSES liquide su pensi\u00f3n con un haber m\u00ednimo de ley general.<br \/>\nSi esto ocurriese usted debe dirigirse a nuestra dependencia solicitando turno al tel\u00e9fono<br \/>\n4331-8773 o 4331-0531\/37 interno 1606,\u00a0<strong>en forma previa<\/strong>, concurriendo con la siguiente documentaci\u00f3n:<\/p>\n<ul>\n<li class=\"texto-cuerpo\">Liquidaci\u00f3n de ANSES<\/li>\n<li class=\"texto-cuerpo\">DNI<\/li>\n<li class=\"texto-cuerpo\">Recibo de Pensi\u00f3n<\/li>\n<li class=\"texto-cuerpo\">Carnet de la Obra Social si tuviera la misma<\/li>\n<li class=\"texto-cuerpo\">Carnet de Afiliado del fallecido<\/li>\n<\/ul>\n<p><span class=\"texto-cuerpo\">\u00a0Aqu\u00ed, se dar\u00e1 inicio al reclamo por reajuste de pensi\u00f3n ante el ANSES, dicho tr\u00e1mite tiene una duraci\u00f3n m\u00ednima de seis meses.<br \/>\nSi usted realizo el tr\u00e1mite en una UDAI de ANSES de zona y considera que ANSES ha liquidado correctamente su pensi\u00f3n, debe acercarse de todas formas para que realicemos la verificaci\u00f3n del haber, la podamos incluir en nuestra base de datos, se realice la afiliaci\u00f3n de la pensionada<br \/>\ny se regularice la situaci\u00f3n de nuestra obra social si es que la desea tener.<\/span>[\/vc_column_text][\/vc_accordion_tab][vc_accordion_tab title=&#8221;VERIFICACI\u00d3N DE HABERES&#8221; title_color=&#8221;#1e73be&#8221;][vc_column_text]Nuestra Secretaria cuenta con un sector de Reclamaciones donde se lleva a cabo la verificaci\u00f3n de las jubilaciones y pensiones.<\/p>\n<p>Una vez que los beneficiarios son citados por nuestra Gestoria Previsional, para retirar la liquidaci\u00f3n de ANSES, y concluir con el tr\u00e1mite jubilatorio y\/o de pensi\u00f3n, con toda la documentaci\u00f3n que recibe la Gestoria Previsional, el Sector de Reclamaciones realiza las verificaciones correspondientes:<\/p>\n<p>Verifica, no solo que, el haber se encuentre bien liquidado con convenio de Luz y Fuerza, siempre que el mismo resulte favorable para el beneficiario\/a; sino tambi\u00e9n que, los retroactivos que se perciben al alta de la jubilaci\u00f3n u pensi\u00f3n sean los correctos.<br \/>\nEn caso que, del an\u00e1lisis realizado surjan diferencias en el haber y\/o en el retroactivo, autom\u00e1ticamente a trav\u00e9s del mismo sector que efect\u00faa las verificaciones, se realiza el reclamo correspondiente ante el ANSES.<\/p>\n<p>A menudo recibimos consultas de afiliados que se acercan hasta la Comisi\u00f3n de Jubilados, ubicada en el 5to piso de nuestra sede central, para saber si se encuentran percibiendo correctamente, dudas sobre los conceptos de pago y o descuentos, tambi\u00e9n se realiza la verificaci\u00f3n de los mismos.<\/p>\n<p>Asimismo nuestros afiliados podr\u00e1n acercarse a las subsecretarias de zonas, a las comisiones de jubilados para realizar las consultas.[\/vc_column_text][\/vc_accordion_tab][vc_accordion_tab title=&#8221;NUESTRO CONVENIO&#8221; title_color=&#8221;#1e73be&#8221;][vc_column_text]<\/p>\n<p class=\"texto-cuerpo\"><strong>\u00bfQu\u00e9 se debe conocer sobre el Convenio de Luz y Fuerza?\u00a0\u00a0\u00a0\u00a0\u00a0\u00a0\u00a0<\/strong><\/p>\n<p class=\"texto-cuerpo\">Existen dos leyes de jubilaciones y pensiones, la primera es la Ley 18.037 para todos aquellos jubilados y o pensionados anteriores a Junio\/1994, la otra es la Ley 24.241 que comienza a aplicarse a partir de Julio\/1994.<\/p>\n<p class=\"texto-cuerpo\">Por lo tanto, es importante detectar en primer lugar a que ley usted pertenece porque de esta manera usted sabr\u00e1 cual es el convenio de Luz y Fuerza que se le aplicara.<\/p>\n<p>[\/vc_column_text][\/vc_accordion_tab][vc_accordion_tab title=&#8221; CONVENIO 1990&#8243; title_color=&#8221;#1e73be&#8221;][vc_column_text]Mediante este\u00a0 acuerdo, se resuelve que los organismos de aplicaci\u00f3n se comprometen a reajustar en un 70% m\u00f3vil (del sueldo en actividad) (ambiguo) las jubilaciones y el 75% m\u00f3vil de ese porcentaje a las pensiones, elev\u00e1ndose estos valores, seg\u00fan\u00a0 la edad del trabajador, estos valores var\u00edan en un 78% &#8211; 80% y 82% m\u00f3vil.<\/p>\n<p>Imprescindiblemente las entidades gremiales\u00a0 deben promover el desistimiento Judicial<br \/>\nA trav\u00e9s del mismo, tambi\u00e9n, se uniforma el\u00a0 porcentaje promedio de variables en un 59,44%<br \/>\nSe hace menci\u00f3n que la conformaci\u00f3n de ese monto empresa, a efectos de la liquidaci\u00f3n del FONDO COMPENSADOR, hace a la determinaci\u00f3n del Salario sobre el cual se ajusta el Haber Previsional, mediante los c\u00f3digos 033-000 y 034-000, del convenio del a\u00f1o 1990.[\/vc_column_text][\/vc_accordion_tab][vc_accordion_tab title=&#8221;RESOLUCI\u00d3N 056&#8243; title_color=&#8221;#1e73be&#8221;][vc_column_text]En su art. 1\u00ba se materializa el pago del c\u00f3digo 034-000.<br \/>\nMediante este concepto se aplica un 26,66% (doceava parte) de los conceptos 001 y 033.-<br \/>\nEn su art. 2 se afirma que su aplicaci\u00f3n es para beneficiarios cesados en empresas de la rama el\u00e9ctrica.[\/vc_column_text][vc_column_text]<strong>PODERES:<\/strong><\/p>\n<p><strong><em>El afiliado deber\u00e1 llamar a la Gestor\u00eda Previsional para pedir turno para iniciar el tr\u00e1mite a los n\u00fameros: 4331-0531 al 37 Interno 1.606.<\/em><\/strong><br \/>\nEl beneficiario de una jubilaci\u00f3n o pensi\u00f3n puede otorgar un poder para percibir los haberes a una persona f\u00edsica. El afiliado que quiera tramitar un poder deber\u00e1 presentarse con la persona a quien le otorgar\u00e1 ese poder.<\/p>\n<p><strong>DOCUMENTACI\u00d3N REQUERIDA:<\/strong><\/p>\n<p class=\"texto-cuerpo\"><strong>En caso de que esa persona sea esposa\/o deber\u00e1 presentar<\/strong>:<\/p>\n<ul>\n<li class=\"texto-cuerpo\">DNI del titular.<\/li>\n<li class=\"texto-cuerpo\">DNI de la esposa\/o.<\/li>\n<li class=\"texto-cuerpo\">Partida de matrimonio (NO LA LIBRETA DE MATRIMONIO).<\/li>\n<\/ul>\n<p class=\"texto-cuerpo\"><strong>En Caso de que esa persona sea hija\/o deber\u00e1 presentar:<\/strong><\/p>\n<ul>\n<li class=\"texto-cuerpo\">DNI del titular.<\/li>\n<li class=\"texto-cuerpo\">DNI del hijo\/a.<\/li>\n<li class=\"texto-cuerpo\">Partida de nacimiento del hijo\/a.<\/li>\n<\/ul>\n<p class=\"texto-cuerpo\"><strong>En caso de que el apoderado no sea una de las personas antes mencionadas<br \/>\nsolo deber\u00e1 presentar:<\/strong><\/p>\n<ul>\n<li class=\"texto-cuerpo\">DNI titular.<\/li>\n<li class=\"texto-cuerpo\">DNI apoderado\/a.<\/li>\n<\/ul>\n<p><span class=\"texto-cuerpo\"><em>En caso de querer poner como apoderado\/a a su conviviente deber\u00e1 dirigirse ante<\/em>\u00a0<em>ANSeS<br \/>\n<\/em><\/span>[\/vc_column_text][\/vc_accordion_tab][vc_accordion_tab title=&#8221;RESOLUCI\u00d3N SSS N\u00b0 43&#8243; title_color=&#8221;#1e73be&#8221;][vc_column_text]Incremento de un 25,08% para SLYF y 29,87% para FATLYF, para quienes hayan cesado con anterioridad al mes DICIEMBRE\/1993.[\/vc_column_text][\/vc_accordion_tab][vc_accordion_tab title=&#8221;CONVENIO 2006&#8243; title_color=&#8221;#1e73be&#8221;][vc_column_text]A partir del mensual de Septiembre\/2006 se le incorporo a todos los beneficiarios que se hayan jubilado o pensionado en fecha anterior a Junio\/1994, un adicional bajo el concepto 095-033.<br \/>\nEse adicional lleva, a la fecha, un acumulado de aumentos de 655,57 %, ya que, en Marzo y Septiembre de cada a\u00f1o es incrementado con el aumento que se determine para Luz y Fuerza.[\/vc_column_text][\/vc_accordion_tab][vc_accordion_tab title=&#8221;RESOLUCI\u00d3N 268\/09Y RESOLUCI\u00d3N 824\/09&#8243; title_color=&#8221;#1e73be&#8221;][vc_column_text]En fecha 27 de Marzo del 2009 se firma la Resoluci\u00f3n 268\/09 entre el Ministerio de Trabajo y nuestro sindicato, a trav\u00e9s de la cual se reglamenta el convenio que va a comenzar a aplicarse a partir de Junio\/2009 a los beneficiarios jubilados y o pensionadas hasta esa fecha pertenecientes a la Ley 24.241, es decir jubilados y o pensionadas en fecha posterior a Julio\/1994.<br \/>\nA trav\u00e9s de este convenio, y a partir del Mes de Junio\/2009 se establece el Adicional por Movilidad, bajo el concepto 033-033.<br \/>\nEn la mencionada Resoluci\u00f3n tambi\u00e9n se establece un porcentaje de un 2% que los trabajadores realizaran en la actividad a partir de Junio\/2009.[\/vc_column_text][\/vc_accordion_tab][vc_accordion_tab title=&#8221;CONVENIO SSS N\u00b09&#8243; title_color=&#8221;#1e73be&#8221;][vc_column_text]<\/p>\n<p class=\"texto-cuerpo\">A trav\u00e9s del Convenio SSS N\u00ba 9 de fecha 14 de junio 2010, se instaura una nueva modalidad de liquidaci\u00f3n en jubilaciones y pensiones, aplicada a partir del Mensual Junio\/2010 en adelante, que establece que: \u201ca la prestaci\u00f3n del haber mensual otorgada por Ley 24.241 se le deber\u00e1 adicionar en concepto de suplemento la diferencia entre el 70% del promedio mensual del total de las remuneraciones devengadas durante los \u00faltimos (12) meses inmediatamente anterior a la fecha de cese, siempre que el importe que resulte de dicho porcentaje resultase mayor al haber respectivo\u201d.<strong>\u00a0<\/strong><\/p>\n<p class=\"texto-cuerpo\"><strong><u>\u00bfC\u00f3mo darse cuenta en su recibo de jubilaci\u00f3n y o pensi\u00f3n si usted percibe este convenio?<\/u><\/strong><\/p>\n<p class=\"texto-cuerpo\">Si en el recibo dice\u00a0<strong>\u201cHABER LUZ Y FUERZA\u201d<\/strong>\u00a0usted se encuentra percibiendo el Convenio perteneciente a la Ley 18.037, arriba detallado.<\/p>\n<p class=\"texto-cuerpo\">Si en el recibo dice\u00a0<strong>\u201cADICIONAL MOVILIDAD\u201d o \u201c033-033\u201d<\/strong>\u00a0usted se encuentra percibiendo un acumulado de aumentos sobre el haber de ley general, como se establece en la Resoluci\u00f3n 268\/09.<\/p>\n<p class=\"texto-cuerpo\">Si en el recibo dice\u00a0<strong>\u201cAPLICACI\u00d3N RESOLUCION 824\/09\u201d o \u201c033-034\u201d<\/strong>\u00a0ese concepto refiere a que usted percibe la diferencia entre la prestaci\u00f3n de la ley general y el 70% del promedio de los \u00faltimos doce meses inmediatamente anteriores al cese.<\/p>\n<p class=\"texto-cuerpo\">Si usted percibe\u00a0<strong>\u201cHABER MENSUAL\u201d, \u201cPFB HABER MENSUAL\u201d o \u201cPBU+PC+PAP\u201d\u00a0<\/strong>solamente, usted no percibe Convenio de Luz y Fuerza.<\/p>\n<p>[\/vc_column_text][\/vc_accordion_tab][\/vc_accordion][vc_empty_space][vc_column_text]<\/p>\n<h4>Obra Social<\/h4>\n<h3><\/h3>\n<p>[\/vc_column_text][vc_accordion active_tab=&#8221;false&#8221; collapsible=&#8221;yes&#8221; style=&#8221;accordion&#8221;][vc_accordion_tab title=&#8221;\u00bfEN QU\u00c9 CONSISTE EL TR\u00c1MITE DE LA OBRA SOCIAL?&#8221; title_color=&#8221;#1e73be&#8221;][vc_column_text]<\/p>\n<p class=\"texto-cuerpo\">EL primer lugar se realiza la CAPITA. Este es un formulario del ANSES, a trav\u00e9s del cual, es posible optar por nuestra obra social, es decir, se efect\u00faa el traspaso de PAMI a OSTEE.<\/p>\n<p>[\/vc_column_text][\/vc_accordion_tab][vc_accordion_tab title=&#8221;\u00bfQU\u00c9 DOCUMENTACI\u00d3N SE REQUIERE?&#8221; title_color=&#8221;#1e73be&#8221;][vc_column_text]DEL TITULAR:<\/p>\n<ul>\n<li>Fotocopia del DNI.<\/li>\n<li>Fotocopia del recibo de haberes, de jubilaci\u00f3n o pensi\u00f3n, seg\u00fan corresponda, o ambos, en caso de percibirlos.<\/li>\n<\/ul>\n<blockquote><p>Si usted quiere incorporar un familiar a cargo, es necesario presentar la documentaci\u00f3n que se detalla a continuaci\u00f3n seg\u00fan el caso:<\/p><\/blockquote>\n<p>ESPOSO\/A CONVIVIENTE<\/p>\n<ul>\n<li>Fotocopia del DNI de \u00e9l o ella.<\/li>\n<li>Acta de matrimonio actualizada. Debe tramitarla en el Registro Civil donde se celebr\u00f3 el matrimonio, debe llevar la libreta de matrimonio.<\/li>\n<li>De ser convivientes deber\u00e1n traer Declaraci\u00f3n Jurada realizada ante juzgado de paz.<br \/>\nEsta declaraci\u00f3n jurada no debe tener una antig\u00fcedad mayor a 5 a\u00f1os contados del momento de presentaci\u00f3n de toda la documentaci\u00f3n. De lo contrario deber\u00e1n realizar<br \/>\nuna nueva declaraci\u00f3n jurada ante Juez de Paz con dos testigos.<\/li>\n<\/ul>\n<p>HIJOS HASTA 21 A\u00d1OS<\/p>\n<ul>\n<li>DNI<\/li>\n<li>Partida de nacimiento<\/li>\n<\/ul>\n<p>HIJOS DE 21 A 25 A\u00d1OS<\/p>\n<ul>\n<li>DNI<\/li>\n<li>Partida de nacimiento<\/li>\n<li>Certificado de alumno regular del establecimiento donde cursa sus estudios regulares.<\/li>\n<\/ul>\n<p>HIJO DISCAPACITADO<\/p>\n<ul>\n<li>DNI<\/li>\n<li>Partida de nacimiento<\/li>\n<li>Certificaci\u00f3n de discapacidad.<\/li>\n<\/ul>\n<p>CERTIFICADO DE DISCAPACIDAD<\/p>\n<blockquote><p>En los casos que no posean este certificado, deber\u00e1n tramitarlo si el domicilio del discapacitado es de Provincia de Buenos Aires, en Ramsay 2250, Capital Federal, solicitando turno al: 0800-555-3472. En los casos que el domicilio del discapacitado sea de Capital Federal, deber\u00e1 tramitarlo en el Hospital P\u00fablico correspondiente seg\u00fan la discapacidad.<\/p>\n<p><strong><u>SISTEMA de DESCUENTOS:<\/u><\/strong><br \/>\nJunto con la c\u00e1pita se realiza la carga de descuentos al sistema de ANSES @-Descuentos, para la realizaci\u00f3n del mismo se solicita la siguiente documentaci\u00f3n:<\/p><\/blockquote>\n<ul>\n<li>Fotocopia del DNI, del titular.<\/li>\n<li>Fotocopia del recibo de haberes, de jubilaci\u00f3n o pensi\u00f3n, seg\u00fan corresponda, o ambos en caso de percibirlos.<\/li>\n<\/ul>\n<p>[\/vc_column_text][\/vc_accordion_tab][\/vc_accordion][\/vc_column][vc_column width=&#8221;1\/3&#8243;][vc_gallery interval=&#8221;3&#8243; images=&#8221;3431,6286,7055&#8243; img_size=&#8221;full&#8221;][vc_column_text css=&#8221;.vc_custom_1573563118345{background-color: #ffffff !important;}&#8221;]<\/p>\n<p style=\"text-align: center;\"><strong>Subsecretario suplente: Javier Alberto Varela<\/strong><\/p>\n<p>[\/vc_column_text][vc_empty_space][vc_single_image image=&#8221;5497&#8243; img_size=&#8221;full&#8221; alignment=&#8221;center&#8221; qode_css_animation=&#8221;&#8221;][vc_empty_space][vc_single_image image=&#8221;2610&#8243; img_size=&#8221;full&#8221; alignment=&#8221;center&#8221; qode_css_animation=&#8221;&#8221;][vc_empty_space][vc_single_image image=&#8221;1790&#8243; img_size=&#8221;full&#8221; alignment=&#8221;center&#8221; qode_css_animation=&#8221;&#8221;][\/vc_column][\/vc_row][vc_row css_animation=&#8221;&#8221; row_type=&#8221;row&#8221; use_row_as_full_screen_section=&#8221;no&#8221; type=&#8221;full_width&#8221; angled_section=&#8221;no&#8221; text_align=&#8221;left&#8221; background_image_as_pattern=&#8221;without_pattern&#8221;][vc_column][vc_empty_space height=&#8221;60&#8243;][vc_row_inner row_type=&#8221;row&#8221; type=&#8221;full_width&#8221; anchor=&#8221;novedades&#8221; text_align=&#8221;left&#8221; css_animation=&#8221;&#8221;][vc_column_inner width=&#8221;1\/3&#8243;][vc_single_image image=&#8221;1854&#8243; img_size=&#8221;full&#8221; alignment=&#8221;center&#8221; qode_css_animation=&#8221;&#8221;][\/vc_column_inner][vc_column_inner width=&#8221;1\/3&#8243;][vc_single_image image=&#8221;741&#8243; img_size=&#8221;full&#8221; alignment=&#8221;center&#8221; qode_css_animation=&#8221;&#8221;][\/vc_column_inner][vc_column_inner width=&#8221;1\/3&#8243;][vc_single_image image=&#8221;742&#8243; img_size=&#8221;full&#8221; alignment=&#8221;center&#8221; qode_css_animation=&#8221;&#8221;][\/vc_column_inner][\/vc_row_inner][vc_empty_space][vc_row_inner row_type=&#8221;row&#8221; type=&#8221;full_width&#8221; text_align=&#8221;left&#8221; css_animation=&#8221;&#8221;][vc_column_inner width=&#8221;1\/3&#8243;][vc_empty_space height=&#8221;40px&#8221;][\/vc_column_inner][vc_column_inner width=&#8221;1\/3&#8243;][vc_single_image image=&#8221;744&#8243; img_size=&#8221;full&#8221; alignment=&#8221;center&#8221; qode_css_animation=&#8221;&#8221;][\/vc_column_inner][vc_column_inner width=&#8221;1\/3&#8243;][\/vc_column_inner][\/vc_row_inner][\/vc_column][\/vc_row][vc_row css_animation=&#8221;&#8221; row_type=&#8221;row&#8221; use_row_as_full_screen_section=&#8221;no&#8221; type=&#8221;full_width&#8221; angled_section=&#8221;no&#8221; text_align=&#8221;left&#8221; background_image_as_pattern=&#8221;without_pattern&#8221;][vc_column][vc_empty_space height=&#8221;40&#8243;][\/vc_column][\/vc_row][vc_row css_animation=&#8221;&#8221; row_type=&#8221;row&#8221; use_row_as_full_screen_section=&#8221;no&#8221; type=&#8221;grid&#8221; angled_section=&#8221;no&#8221; text_align=&#8221;left&#8221; background_image_as_pattern=&#8221;without_pattern&#8221; background_color=&#8221;#e8e8e8&#8243; border_color=&#8221;#1e73be&#8221; z_index=&#8221;&#8221;][vc_column][vc_empty_space height=&#8221;60&#8243;][vc_column_text]<\/p>\n<h2>Noticias Generales<\/h2>\n<p>[\/vc_column_text][vc_empty_space height=&#8221;21px&#8221;]<div class='blog_slider_holder clearfix '><div class='blog_slider blog_slider_carousel' data-blogs_shown='3' data-auto_start='true'><ul class='blog_slides'><li class='item'><div class=\"item_holder\"><div class=\"blog_text_holder info_bottom\" style=\"background-color:rgba(30,115,190,0.83);\"><div class=\"blog_text_holder_outer\"><div class=\"blog_text_date_holder\"><div itemprop=\"dateCreated\" class=\"blog_slider_date_holder entry_date updated\"><span class=\"blog_slider_day\" style= \"color: rgba(0,0,0,0.01);\" >09<\/span><span class=\"blog_slider_month\" style= \"color: rgba(0,0,0,0.01);\">Mar<\/span><meta itemprop=\"interactionCount\" content=\"UserComments:0\"\/><\/div><\/div><div class=\"blog_text_holder_inner\"><h3 itemprop=\"name\" class=\"blog_slider_title entry_title\" ><a itemprop=\"url\" href=\"https:\/\/www.sind-luzyfuerza-cap.org.ar\/slyf\/titulo-de-la-noticia-vivienda-01-2\/\" >CGT &#8211; Pedido de Ratificaci\u00f3n  Convenio n\u00b0 190 de la OIT<\/a><\/h3><\/div><\/div><\/div><div class=\"blog_image_holder\"><span class=\"image\"><img width=\"1000\" height=\"540\" src=\"https:\/\/www.sind-luzyfuerza-cap.org.ar\/slyf\/wp-content\/uploads\/2020\/03\/destacada-4demarzo.jpg\" class=\"attachment-full size-full wp-post-image\" alt=\"\" loading=\"lazy\" srcset=\"https:\/\/www.sind-luzyfuerza-cap.org.ar\/slyf\/wp-content\/uploads\/2020\/03\/destacada-4demarzo.jpg 1000w, https:\/\/www.sind-luzyfuerza-cap.org.ar\/slyf\/wp-content\/uploads\/2020\/03\/destacada-4demarzo-300x162.jpg 300w, https:\/\/www.sind-luzyfuerza-cap.org.ar\/slyf\/wp-content\/uploads\/2020\/03\/destacada-4demarzo-768x415.jpg 768w, https:\/\/www.sind-luzyfuerza-cap.org.ar\/slyf\/wp-content\/uploads\/2020\/03\/destacada-4demarzo-700x378.jpg 700w\" sizes=\"(max-width: 1000px) 100vw, 1000px\" \/><\/span><\/div><\/div><\/li><li class='item'><div class=\"item_holder\"><div class=\"blog_text_holder info_bottom\" style=\"background-color:rgba(30,115,190,0.83);\"><div class=\"blog_text_holder_outer\"><div class=\"blog_text_date_holder\"><div itemprop=\"dateCreated\" class=\"blog_slider_date_holder entry_date updated\"><span class=\"blog_slider_day\" style= \"color: rgba(0,0,0,0.01);\" >15<\/span><span class=\"blog_slider_month\" style= \"color: rgba(0,0,0,0.01);\">Oct<\/span><meta itemprop=\"interactionCount\" content=\"UserComments:0\"\/><\/div><\/div><div class=\"blog_text_holder_inner\"><h3 itemprop=\"name\" class=\"blog_slider_title entry_title\" ><a itemprop=\"url\" href=\"https:\/\/www.sind-luzyfuerza-cap.org.ar\/slyf\/titulo-de-la-noticia-vivienda-01\/\" >Educaci\u00f3n &#8211; Beneficios<\/a><\/h3><\/div><\/div><\/div><div class=\"blog_image_holder\"><span class=\"image\"><img width=\"1000\" height=\"540\" src=\"https:\/\/www.sind-luzyfuerza-cap.org.ar\/slyf\/wp-content\/uploads\/2018\/03\/uai-febrero2019miniatura.jpg\" class=\"attachment-full size-full wp-post-image\" alt=\"\" loading=\"lazy\" srcset=\"https:\/\/www.sind-luzyfuerza-cap.org.ar\/slyf\/wp-content\/uploads\/2018\/03\/uai-febrero2019miniatura.jpg 1000w, https:\/\/www.sind-luzyfuerza-cap.org.ar\/slyf\/wp-content\/uploads\/2018\/03\/uai-febrero2019miniatura-300x162.jpg 300w, https:\/\/www.sind-luzyfuerza-cap.org.ar\/slyf\/wp-content\/uploads\/2018\/03\/uai-febrero2019miniatura-768x415.jpg 768w, https:\/\/www.sind-luzyfuerza-cap.org.ar\/slyf\/wp-content\/uploads\/2018\/03\/uai-febrero2019miniatura-700x378.jpg 700w\" sizes=\"(max-width: 1000px) 100vw, 1000px\" \/><\/span><\/div><\/div><\/li><li class='item'><div class=\"item_holder\"><div class=\"blog_text_holder info_bottom\" style=\"background-color:rgba(30,115,190,0.83);\"><div class=\"blog_text_holder_outer\"><div class=\"blog_text_date_holder\"><div itemprop=\"dateCreated\" class=\"blog_slider_date_holder entry_date updated\"><span class=\"blog_slider_day\" style= \"color: rgba(0,0,0,0.01);\" >15<\/span><span class=\"blog_slider_month\" style= \"color: rgba(0,0,0,0.01);\">Ene<\/span><meta itemprop=\"interactionCount\" content=\"UserComments:0\"\/><\/div><\/div><div class=\"blog_text_holder_inner\"><h3 itemprop=\"name\" class=\"blog_slider_title entry_title\" ><a itemprop=\"url\" href=\"https:\/\/www.sind-luzyfuerza-cap.org.ar\/slyf\/titulo-de-la-noticia-2\/\" >Cursos 2022<\/a><\/h3><\/div><\/div><\/div><div class=\"blog_image_holder\"><span class=\"image\"><img width=\"900\" height=\"540\" src=\"https:\/\/www.sind-luzyfuerza-cap.org.ar\/slyf\/wp-content\/uploads\/2018\/01\/CENTRO408-para-carrousell-noticias.jpg\" class=\"attachment-full size-full wp-post-image\" alt=\"\" loading=\"lazy\" srcset=\"https:\/\/www.sind-luzyfuerza-cap.org.ar\/slyf\/wp-content\/uploads\/2018\/01\/CENTRO408-para-carrousell-noticias.jpg 900w, https:\/\/www.sind-luzyfuerza-cap.org.ar\/slyf\/wp-content\/uploads\/2018\/01\/CENTRO408-para-carrousell-noticias-300x180.jpg 300w, https:\/\/www.sind-luzyfuerza-cap.org.ar\/slyf\/wp-content\/uploads\/2018\/01\/CENTRO408-para-carrousell-noticias-768x461.jpg 768w, https:\/\/www.sind-luzyfuerza-cap.org.ar\/slyf\/wp-content\/uploads\/2018\/01\/CENTRO408-para-carrousell-noticias-700x420.jpg 700w\" sizes=\"(max-width: 900px) 100vw, 900px\" \/><\/span><\/div><\/div><\/li><\/ul><ul class=\"caroufredsel-direction-nav\"><li><a id=\"caroufredsel-prev\" class=\"caroufredsel-prev\" href=\"#\"><div><i class=\"fa fa-angle-left\"><\/i><\/div><\/a><\/li><li><a class=\"caroufredsel-next\" id=\"caroufredsel-next\" href=\"#\"><div><i class=\"fa fa-angle-right\"><\/i><\/div><\/a><\/li><\/ul><\/div><\/div>[vc_empty_space height=&#8221;60&#8243;][\/vc_column][\/vc_row][vc_row css_animation=&#8221;&#8221; row_type=&#8221;row&#8221; use_row_as_full_screen_section=&#8221;no&#8221; type=&#8221;full_width&#8221; angled_section=&#8221;no&#8221; text_align=&#8221;left&#8221; background_image_as_pattern=&#8221;without_pattern&#8221;][vc_column]\n\n\t<a href=\"#\" target=\"_self\"  class=\"qode-btn qode-btn-medium qode-btn-solid qode-btn-default-hover\"  >\n\t    <span class=\"qode-btn-text\"><\/span>\t<\/a>\n\n[\/vc_column][\/vc_row]<\/p>\n","protected":false},"excerpt":{"rendered":"<p>[vc_row css_animation=&#8221;&#8221; row_type=&#8221;row&#8221; use_row_as_full_screen_section=&#8221;no&#8221; type=&#8221;full_width&#8221; angled_section=&#8221;no&#8221; text_align=&#8221;left&#8221; background_image_as_pattern=&#8221;without_pattern&#8221;][vc_column][vc_empty_space height=&#8221;60&#8243;][\/vc_column][\/vc_row][vc_row css_animation=&#8221;&#8221; row_type=&#8221;row&#8221; use_row_as_full_screen_section=&#8221;no&#8221; type=&#8221;grid&#8221; angled_section=&#8221;no&#8221; text_align=&#8221;left&#8221; background_image_as_pattern=&#8221;without_pattern&#8221; z_index=&#8221;&#8221;][vc_column width=&#8221;2\/3&#8243;][vc_column_text] Previsi\u00f3n Social [\/vc_column_text][vc_row_inner row_type=&#8221;row&#8221; type=&#8221;full_width&#8221; text_align=&#8221;left&#8221; css_animation=&#8221;&#8221;][vc_column_inner width=&#8221;2\/3&#8243;][vc_empty_space height=&#8221;20px&#8221;][vc_single_image image=&#8221;4024&#8243; img_size=&#8221;full&#8221; onclick=&#8221;img_link_large&#8221; qode_css_animation=&#8221;&#8221;][\/vc_column_inner][vc_column_inner width=&#8221;1\/3&#8243;][vc_column_text] Novedades [\/vc_column_text][\/vc_column_inner][\/vc_row_inner][vc_empty_space height=&#8221;31px&#8221;][vc_row_inner row_type=&#8221;row&#8221; type=&#8221;full_width&#8221; text_align=&#8221;left&#8221; css_animation=&#8221;&#8221;][vc_column_inner width=&#8221;2\/3&#8243;][\/vc_column_inner][vc_column_inner width=&#8221;1\/3&#8243;][\/vc_column_inner][\/vc_row_inner][vc_separator type=&#8221;normal&#8221;][vc_empty_space height=&#8221;21px&#8221;][vc_column_text] Gu\u00eda de&#8230;<\/p>\n","protected":false},"author":2,"featured_media":0,"parent":405,"menu_order":0,"comment_status":"closed","ping_status":"closed","template":"full_width.php","meta":[],"_links":{"self":[{"href":"https:\/\/www.sind-luzyfuerza-cap.org.ar\/slyf\/wp-json\/wp\/v2\/pages\/474"}],"collection":[{"href":"https:\/\/www.sind-luzyfuerza-cap.org.ar\/slyf\/wp-json\/wp\/v2\/pages"}],"about":[{"href":"https:\/\/www.sind-luzyfuerza-cap.org.ar\/slyf\/wp-json\/wp\/v2\/types\/page"}],"author":[{"embeddable":true,"href":"https:\/\/www.sind-luzyfuerza-cap.org.ar\/slyf\/wp-json\/wp\/v2\/users\/2"}],"replies":[{"embeddable":true,"href":"https:\/\/www.sind-luzyfuerza-cap.org.ar\/slyf\/wp-json\/wp\/v2\/comments?post=474"}],"version-history":[{"count":27,"href":"https:\/\/www.sind-luzyfuerza-cap.org.ar\/slyf\/wp-json\/wp\/v2\/pages\/474\/revisions"}],"predecessor-version":[{"id":7056,"href":"https:\/\/www.sind-luzyfuerza-cap.org.ar\/slyf\/wp-json\/wp\/v2\/pages\/474\/revisions\/7056"}],"up":[{"embeddable":true,"href":"https:\/\/www.sind-luzyfuerza-cap.org.ar\/slyf\/wp-json\/wp\/v2\/pages\/405"}],"wp:attachment":[{"href":"https:\/\/www.sind-luzyfuerza-cap.org.ar\/slyf\/wp-json\/wp\/v2\/media?parent=474"}],"curies":[{"name":"wp","href":"https:\/\/api.w.org\/{rel}","templated":true}]}}